{"id":2,"date":"2016-05-10T03:48:21","date_gmt":"2016-05-10T03:48:21","guid":{"rendered":"http:\/\/berliner-pressekontor.de\/?page_id=2"},"modified":"2020-07-01T10:54:17","modified_gmt":"2020-07-01T10:54:17","slug":"sample-page","status":"publish","type":"page","link":"https:\/\/berliner-pressekontor.de\/?page_id=2","title":{"rendered":"Presserecht"},"content":{"rendered":"<h4>\u00a0<\/h4>\n<h4><span style=\"color: #0000ff;\">Urheberrecht<\/span><\/h4>\n<blockquote>\n<p>Das Urheberrecht sch\u00fctzt laut \u00a711 den Urheber in seinen geistigen und pers\u00f6nlichen Beziehungen zum Werk und in der Nutzung des Werkes. Es regelt demzufolge die<strong> Urheberpers\u00f6nlichkeits-, <\/strong>die <strong>Verwertungs- <\/strong>sowie die <strong>Nutzungsrechte<\/strong>.<\/p>\n<\/blockquote>\n<h4><span style=\"color: #0000ff;\">Verwertungsrecht<\/span><\/h4>\n<blockquote>\n<p>Der Urheber hat das ausschlie\u00dfliche Recht, sein Werk in <strong>k\u00f6rperlicher<\/strong><strong>Form<\/strong> zu verwerten. Das Recht umfasst insbesondere:<\/p>\n<ul>\n<li>das Vervielf\u00e4ltigungsrecht (\u00a716 UrhG),<\/li>\n<li>das Verbreitungsrecht (\u00a717 UrhG),<\/li>\n<li>das Ausstellungsrecht (\u00a718 UrhG).<\/li>\n<\/ul>\n<\/blockquote>\n<h4><span style=\"color: #0000ff;\">Nutzungrecht<\/span><\/h4>\n<blockquote>\n<p>Der Urheber kann die Nutzungsrechte an seinem Werk durch einen Lizenzvertrag auf einen <strong>Lizenznehmer<\/strong> zu \u00fcbertragen (\u00a732 UrhG). Dabei wird zwischen<strong> einfachem oder ausschlie\u00dflichem Nutzungsrecht <\/strong>unterschieden.<\/p>\n<\/blockquote>\n<h4><span style=\"color: #0000ff;\">Pressekodex<\/span><\/h4>\n<blockquote>\n<p>Der Pressekodex formuliert ethische Grundregeln f\u00fcr den Journalismus in Deutschland. Diese 1873 vom Deutschen Presserat erstmals vorgelegten Richtlinien f\u00fcr die publizistische Arbeit werden st\u00e4ndig \u00fcberarbeitet &#8211; sie sind aber <strong>rechtlich nicht bindend<\/strong>.<\/p>\n<\/blockquote>\n<h4><span style=\"color: #0000ff;\">Pressegesetz<\/span><\/h4>\n<blockquote>\n<p>Jedes Bundesland hat sein eigenes Pressegesetz &#8211; oft auch Mediengesetz genannt. Diese <strong>rechtlich bindenden Vorschriften<\/strong> regeln Ma\u00df und Ausma\u00df der Pressefreiheit, definiert die \u00f6ffentliche Aufgabe und das Informationsrecht, schafft aber auch Klarheit \u00fcber Zeugnisverweigerung und Gegendarstellung.<\/p>\n<\/blockquote>\n<h4><span style=\"color: #3366ff;\">Presserat<\/span><\/h4>\n<blockquote>\n<p>Der Presserat ist die <strong>freiwillige Selbstkontrolle<\/strong> der Print- und Onlinemedien in Deutschland. Ihm geh\u00f6ren zwei Verleger- und zwei Journalistenorganisationen an. Seine Aufgabe ist es, anhand von Beschwerden die Einhaltung ethischer Regeln zu \u00fcberpr\u00fcfen.<\/p>\n<\/blockquote>\n\n\n<h4><span style=\"color:#0673e5\" class=\"has-inline-color\">Copyright<\/span><\/h4>\n\n\n\n<blockquote class=\"wp-block-quote\"><p>Der Copyright-Hinweis kommt aus den USA, wo fr\u00fcher ein Werk damit versehen wurden, damit die Rechte nicht erl\u00f6schen. Seit 1989 entsteht in den USA das Copyright genauso automatisch wie in Europa das Urheberrecht. Das Zeichen (c) ist also <strong>ein Hinweisschild ohne Einfluss <\/strong>auf die Entstehung des Urheberrechts.<\/p><\/blockquote>\n\n\n\n<p><\/p>\n","protected":false},"excerpt":{"rendered":"<p>\u00a0 Urheberrecht Das Urheberrecht sch\u00fctzt laut \u00a711 den Urheber in seinen geistigen und pers\u00f6nlichen Beziehungen zum Werk und in der Nutzung des Werkes. Es regelt demzufolge die Urheberpers\u00f6nlichkeits-, die Verwertungs- sowie die Nutzungsrechte. Verwertungsrecht Der Urheber hat das ausschlie\u00dfliche Recht, sein Werk in k\u00f6rperlicherForm zu verwerten. Das Recht umfasst insbesondere: das Vervielf\u00e4ltigungsrecht (\u00a716 UrhG), das<\/p><\/div>\n<div class=\"blog-btn\"><a href=\"https:\/\/berliner-pressekontor.de\/?page_id=2\" class=\"home-blog-btn\">Weiterlesen<\/a><\/p>\n","protected":false},"author":1,"featured_media":249,"parent":0,"menu_order":0,"comment_status":"closed","ping_status":"open","template":"","meta":[],"_links":{"self":[{"href":"https:\/\/berliner-pressekontor.de\/index.php?rest_route=\/wp\/v2\/pages\/2"}],"collection":[{"href":"https:\/\/berliner-pressekontor.de\/index.php?rest_route=\/wp\/v2\/pages"}],"about":[{"href":"https:\/\/berliner-pressekontor.de\/index.php?rest_route=\/wp\/v2\/types\/page"}],"author":[{"embeddable":true,"href":"https:\/\/berliner-pressekontor.de\/index.php?rest_route=\/wp\/v2\/users\/1"}],"replies":[{"embeddable":true,"href":"https:\/\/berliner-pressekontor.de\/index.php?rest_route=%2Fwp%2Fv2%2Fcomments&post=2"}],"version-history":[{"count":3,"href":"https:\/\/berliner-pressekontor.de\/index.php?rest_route=\/wp\/v2\/pages\/2\/revisions"}],"predecessor-version":[{"id":256,"href":"https:\/\/berliner-pressekontor.de\/index.php?rest_route=\/wp\/v2\/pages\/2\/revisions\/256"}],"wp:featuredmedia":[{"embeddable":true,"href":"https:\/\/berliner-pressekontor.de\/index.php?rest_route=\/wp\/v2\/media\/249"}],"wp:attachment":[{"href":"https:\/\/berliner-pressekontor.de\/index.php?rest_route=%2Fwp%2Fv2%2Fmedia&parent=2"}],"curies":[{"name":"wp","href":"https:\/\/api.w.org\/{rel}","templated":true}]}}